{"id":1837,"date":"2017-11-17T18:07:47","date_gmt":"2017-11-17T17:07:47","guid":{"rendered":"https:\/\/www.istud.it\/imprese\/?page_id=1837"},"modified":"2023-03-22T16:54:23","modified_gmt":"2023-03-22T15:54:23","slug":"la-strategia-marketing-un-ambiente-digitalizzato","status":"publish","type":"page","link":"https:\/\/www.istud.it\/imprese\/formazione-interaziendale-per-manager\/la-strategia-marketing-un-ambiente-digitalizzato\/","title":{"rendered":"La strategia di marketing in un ambiente digitalizzato"},"content":{"rendered":"<p>[vc_row full_width=&#8221;stretch_row&#8221; css=&#8221;.vc_custom_1611584937107{padding-top: 180px !important;padding-bottom: 35px !important;background-color: #c85263 !important;}&#8221; el_class=&#8221;no-bottom-margin&#8221;][vc_column offset=&#8221;vc_hidden-sm vc_hidden-xs&#8221;][vc_column_text el_class=&#8221;white big-title&#8221;]<strong>SEMINARIO ATTIVABILE IN MODALITA\u2019 IN HOUSE O ONE TO ONE<\/strong><\/p>\n<h1>La strategia di marketing in un ambiente digitalizzato<\/h1>\n<p>[\/vc_column_text][\/vc_column][\/vc_row][vc_row full_width=&#8221;stretch_row&#8221; gap=&#8221;10&#8243; equal_height=&#8221;yes&#8221; css=&#8221;.vc_custom_1611584508458{padding-top: 15px !important;padding-bottom: 15px !important;background-color: #ececec !important;}&#8221;][vc_column width=&#8221;2\/3&#8243;][\/vc_column][vc_column width=&#8221;1\/3&#8243; el_class=&#8221;centered&#8221;][\/vc_column][\/vc_row][vc_row full_width=&#8221;stretch_row&#8221; gap=&#8221;10&#8243; equal_height=&#8221;yes&#8221; disable_element=&#8221;yes&#8221; css=&#8221;.vc_custom_1611584491586{padding-top: 15px !important;padding-bottom: 15px !important;background-color: #ececec !important;}&#8221;][vc_column width=&#8221;2\/3&#8243;]<div class=\"thim-widget-icon-box template-base\"><div class=\"wrapper-box-icon has_custom_image text-left \"  ><div class=\"smicon-box iconbox-left\"><div class=\"boxes-icon circle\" style=\"background-color: #c85263;width: 70px;\"><span class=\"inner-icon\"><span class=\"icon\"><i class=\"fa fa-calendar\" style=\"color:#ffffff; font-size:40px; line-height:40px; vertical-align: middle;\"><\/i><\/span><\/span><\/div><div class=\"content-inner\"  style=\"width: calc( 100% - 70px - 15px);\"><div class=\"sc-heading article_heading\"><h3 class = \"heading__primary\" style=\"font-size: 14px; line-height: 14px;font-weight: bold;margin-top: 2px;margin-bottom: 2px;\">Edizioni disponibili<\/h3><\/div><div class=\"desc-icon-box\"><div class=\"desc-content\" style=\"color: #c85263;font-size: 14px;line-height: 21px;\">ISTUD Smart Learning: 2-3 dicembre 2020<\/p>\n<p>Il format ISTUD Smart Learning prevede: Warm up call individuale + 2 sessioni di mezza giornata di virtual classroom live con il docente + call individuale tra le due sessioni<\/div><\/div><\/div><\/div><!--end smicon-box--><\/div><\/div>[\/vc_column][vc_column width=&#8221;1\/3&#8243; el_class=&#8221;centered&#8221;]<div class=\"thim-widget-icon-box template-base\"><div class=\"wrapper-box-icon has_custom_image text-left \"  ><div class=\"smicon-box iconbox-left\"><div class=\"boxes-icon circle\" style=\"background-color: #c85263;width: 70px;\"><span class=\"inner-icon\"><span class=\"icon\"><i class=\"fa fa-shopping-cart\" style=\"color:#ffffff; font-size:40px; line-height:40px; vertical-align: middle;\"><\/i><\/span><\/span><\/div><div class=\"content-inner\"  style=\"width: calc( 100% - 70px - 15px);\"><div class=\"sc-heading article_heading\"><h3 class = \"heading__primary\" style=\"font-size: 14px; line-height: 14px;font-weight: bold;margin-top: 2px;margin-bottom: 2px;\">Costo<\/h3><\/div><div class=\"desc-icon-box\"><div class=\"desc-content\" style=\"color: #c85263;font-size: 14px;line-height: 21px;\">1.500 Euro + IVA<\/div><\/div><\/div><\/div><!--end smicon-box--><\/div><\/div><div class=\" ubtn-ctn-left btn-inline\"><a class=\"ubtn-link ult-adjust-bottom-margin ubtn-left ubtn-normal btn-inline\" href=\"https:\/\/www.istud.it\/imprese\/formazione-interaziendale-per-manager\/iscrizione-ai-seminari\/\" target=\"_blank\" rel=\"  noopener\" ><button type=\"button\" id=\"ubtn-6532\" class=\"ubtn ult-adjust-bottom-margin ult-responsive ubtn-normal ubtn-no-hover-bg  none  ubtn-left   tooltip-69f4558bcd12c\"  data-hover=\"#c85263\" data-border-color=\"#ffffff\" data-bg=\"rgba(255,255,255,0.01)\" data-hover-bg=\"#ffffff\" data-border-hover=\"#ffffff\" data-shadow-hover=\"\" data-shadow-click=\"none\" data-shadow=\"\" data-shd-shadow=\"\"  data-ultimate-target='#ubtn-6532'  data-responsive-json-new='{\"font-size\":\"\",\"line-height\":\"\"}'  style=\"font-weight:normal;border-radius:25px;border-width:1px;border-color:#ffffff;border-style:solid;background: rgba(255,255,255,0.01);color: #ffffff;\"><span class=\"ubtn-hover\" style=\"background-color:#ffffff\"><\/span><span class=\"ubtn-data ubtn-text \" >ISCRIVITI ORA<\/span><\/button><\/a><\/div>[\/vc_column][\/vc_row][vc_row equal_height=&#8221;yes&#8221; content_placement=&#8221;middle&#8221;][vc_column width=&#8221;1\/2&#8243;][vc_video link=&#8221;https:\/\/www.youtube.com\/watch?v=RiWfcjNqKL4&#8243;][\/vc_column][vc_column width=&#8221;1\/2&#8243;]<div class=\"thim-widget-heading template-base\"><div class=\"sc_heading  \"><h3 style=\"text-transform: uppercase;\" class=\"title\">La strategia di marketing in un ambiente digitalizzato<\/h3><\/div><\/div>[vc_column_text]<em>L\u2019epoca del cliente connesso in modo permanente \u00e8 infine arrivata. Consumatori molto pi\u00f9 informati, connessi tra loro, che scelgono sulla base di una conoscenza collettiva come mai \u00e8 esistita nella storia del marketing e del business devono trovare un contraltare in aziende che sanno come comunicare, ascoltare e personalizzare la comunicazione, la promozione e lo stesso prodotto in base alle loro esigenze, preferenze, stili, azioni, momenti.<br \/>\nIl marketing aziendale deve cambiare: la Rete crea in continuazione opportunit\u00e0 e rischi, che un team equilibrato e preparato pu\u00f2 e deve gestire.<\/em>[\/vc_column_text][vc_separator color=&#8221;custom&#8221; border_width=&#8221;2&#8243; el_width=&#8221;50&#8243; accent_color=&#8221;#c85263&#8243;][\/vc_column][\/vc_row][vc_row][vc_column width=&#8221;1\/6&#8243; css=&#8221;.vc_custom_1471081370883{padding-right: 17px !important;}&#8221;][\/vc_column][vc_column width=&#8221;2\/3&#8243; css=&#8221;.vc_custom_1471081383034{padding-left: 17px !important;}&#8221;][vc_tta_accordion style=&#8221;flat&#8221; shape=&#8221;square&#8221; active_section=&#8221;1&#8243; no_fill=&#8221;true&#8221; title=&#8221;Panoramica del seminario&#8221; el_class=&#8221;panoramica-collapse&#8221;][vc_tta_section title=&#8221;A chi \u00e8 rivolto&#8221; tab_id=&#8221;1509005274224-b61be282-6693&#8243;][vc_column_text]Direttori generali, direttori marketing, commerciale e comunicazione, product manager, media manager, digital manager.[\/vc_column_text][\/vc_tta_section][vc_tta_section title=&#8221;Obiettivi&#8221; tab_id=&#8221;1509005274318-ffba539c-5054&#8243;][vc_column_text]<\/p>\n<ul>\n<li style=\"font-weight: 400;\"><span style=\"font-weight: 400;\">Comprendere gli strumenti di analisi del consumatore digitalizzato e applicarli in azienda<\/span><\/li>\n<li style=\"font-weight: 400;\"><span style=\"font-weight: 400;\">Comprendere il modello di analisi del customer journey e delle user personas<\/span><\/li>\n<li style=\"font-weight: 400;\"><span style=\"font-weight: 400;\">Allineare gli obiettivi aziendali con i KPI digitali e condividerli in azienda attraverso il framework del Marketing Connesso<\/span><\/li>\n<li style=\"font-weight: 400;\"><span style=\"font-weight: 400;\">Comprensione delle funzioni dei principali canali digitali sulle strategie aziendali (social media, contenuti, Google, email, mobile, video)<\/span><\/li>\n<li style=\"font-weight: 400;\"><span style=\"font-weight: 400;\">Suddivisione del budget in funzione del digitale<\/span><\/li>\n<li style=\"font-weight: 400;\"><span style=\"font-weight: 400;\">Comprendere l\u2019ecosistema dei fornitori di tecnologia e marketing digitale<\/span><\/li>\n<li style=\"font-weight: 400;\"><span style=\"font-weight: 400;\">Organizzare il team digitale in azienda, varie soluzioni ed esperienze<\/span><\/li>\n<\/ul>\n<p>[\/vc_column_text][\/vc_tta_section][vc_tta_section title=&#8221;Contenuti&#8221; tab_id=&#8221;1509005287735-b4e2fe28-c8ad&#8221;][vc_column_text]<\/p>\n<ul>\n<li>L\u2019analisi del consumatore, basata sui comportamenti e non solo su dati demografici<\/li>\n<li>L\u2019analisi del suo ciclo di acquisto<\/li>\n<li>L\u2019adattamento dei touchpoint al digitale<\/li>\n<li>Google, Facebook, email, mobile, il loro ruolo nel puzzle del piano marketing<\/li>\n<li>Dividere il budget tra i diversi mezzi e obiettivi<\/li>\n<li>Scegliere i fornitori esterni<\/li>\n<li>Le figure chiave del team digitale in azienda e assetti possibili<\/li>\n<li>Misurare i rendimenti, collegando i KPI agli obiettivi aziendali<\/li>\n<li>Usare il framework Marketing<\/li>\n<\/ul>\n<p>[\/vc_column_text][\/vc_tta_section][\/vc_tta_accordion][\/vc_column][vc_column width=&#8221;1\/6&#8243;][\/vc_column][\/vc_row][vc_row full_width=&#8221;stretch_row&#8221; css=&#8221;.vc_custom_1511350496258{padding-top: 50px !important;padding-bottom: 50px !important;background-color: #c85263 !important;}&#8221;][vc_column width=&#8221;2\/3&#8243;][vc_column_text el_class=&#8221;non-h2 white&#8221;]Ti servono maggiori informazioni?[\/vc_column_text][\/vc_column][vc_column width=&#8221;1\/3&#8243;]<div class=\" ubtn-ctn-center \"><a class=\"ubtn-link ult-adjust-bottom-margin ubtn-center ubtn-large \" href=\"#contatti\" rel=\" \" ><button type=\"button\" id=\"ubtn-1388\" class=\"ubtn ult-adjust-bottom-margin ult-responsive ubtn-large ubtn-no-hover-bg  none  ubtn-sep-icon ubtn-sep-icon-bottom-push  ubtn-center   tooltip-69f4558bcd3a0\"  data-hover=\"\" data-border-color=\"#ffffff\" data-bg=\"#ffffff\" data-hover-bg=\"\" data-border-hover=\"#ffffff\" data-shadow-hover=\"\" data-shadow-click=\"none\" data-shadow=\"\" data-shd-shadow=\"\"  data-ultimate-target='#ubtn-1388'  data-responsive-json-new='{\"font-size\":\"desktop:28px;\",\"line-height\":\"\"}'  style=\"font-weight:bold;border-radius:15px;border-width:3px;border-color:#ffffff;border-style:solid;background: #ffffff;color: #c85263;\"><span class=\"ubtn-data ubtn-icon\"><i class=\"Defaults-chevron-down\" style=\"font-size:32px;color:#c85263;\"><\/i><\/span><span class=\"ubtn-hover\" style=\"background-color:\"><\/span><span class=\"ubtn-data ubtn-text \" >Contattaci<\/span><\/button><\/a><\/div>[\/vc_column][\/vc_row][vc_row][vc_column]<div class=\"thim-widget-heading template-base\"><div class=\"sc_heading  text-center\"><h3 class=\"title\">DOCENTE DEL SEMINARIO LA STRATEGIA DI MARKETING IN UN AMBIENTE DIGITALIZZATO<\/h3><\/div><\/div>[vc_row_inner][vc_column_inner width=&#8221;1\/4&#8243;][vc_single_image image=&#8221;1376&#8243; style=&#8221;vc_box_circle_2&#8243;][\/vc_column_inner][vc_column_inner width=&#8221;3\/4&#8243;][vc_column_text]<\/p>\n<h3><strong>Gianluca Diegoli<\/strong><\/h3>\n<p>Ha progettato e diretto il business digitale e l\u2019e-commerce in grandi aziende italiane di diversi settori, prima come manager e poi come consulente e temporary manager. Dal 2012 \u00e8 professore a contratto in E-commerce e Multicanalit\u00e0 all\u2019Universit\u00e0 IULM. E\u2019 inoltre autore di numerose pubblicazioni e articoli sui temi del Digital, Mobile e Social Media Marketing e relatore ad alcuni tra i principali Eventi e Festival nazionali sui temi web, giornalismo, social media, marketing.[\/vc_column_text][\/vc_column_inner][\/vc_row_inner][\/vc_column][\/vc_row][vc_row full_width=&#8221;stretch_row&#8221; css=&#8221;.vc_custom_1510407722784{padding-bottom: 20px !important;background-color: #ececec !important;}&#8221;][vc_column]<div class=\"thim-widget-heading template-base\"><div class=\"sc_heading  text-center\"><h3 class=\"title\">Tutti i percorsi dell'area Innovation &#38; Digital Environment<\/h3><\/div><\/div><aside class=\"ul-custom-css-inline\">\t\t\t\t\t\t\t\t\t\t\r\n\t\t\t\t\t\t\t\t\t\t<style type=\"text\/css\">#ul34173.ultimate-layouts-container .ultimate-layouts-metas-st2 > .ultimate-layouts-metas-wrap{background-color:#c85263 !important;}#ul34173.ultimate-layouts-container .ultimate-layouts-excerpt,#ul34173.ultimate-layouts-container .ultimate-layouts-excerpt p,#ul34173.ultimate-layouts-container{color:#333333 !important;}#ul34173.ultimate-layouts-container .ultimate-layouts-listing-wrap .ultimate-layouts-item .ultimate-layouts-entry-wrapper{border-color:#ececec !important;}#ul34173.ultimate-layouts-container .ultimate-layouts-control-pop>*:not(:hover){background-color:#c85263 !important;}#ul34173.ultimate-layouts-container .ultimate-layouts-icon-video:hover:after{border-left-color:#c85263 !important;}#ul34173.ultimate-layouts-container .ultimate-layouts-icon-lightbox:hover>span span:nth-child(1),#ul34173.ultimate-layouts-container .ultimate-layouts-icon-lightbox:hover>span span:nth-child(2){background-color:#c85263 !important;}#ul34173.ultimate-layouts-container .ultimate-layouts-icon-lightbox:hover>span span:nth-child(1):before{border-bottom-color:#c85263 !important;}#ul34173.ultimate-layouts-container .ultimate-layouts-icon-lightbox:hover>span span:nth-child(1):after{border-top-color:#c85263 !important;}#ul34173.ultimate-layouts-container .ultimate-layouts-icon-lightbox:hover>span span:nth-child(2):before{border-right-color:#c85263 !important;}#ul34173.ultimate-layouts-container .ultimate-layouts-icon-lightbox:hover>span span:nth-child(2):after{border-left-color:#c85263 !important;}#ul34173.ultimate-layouts-container .ultimate-layouts-icon-link:hover i.fa{color:#c85263 !important;}#ul34173.ultimate-layouts-container .ultimate-layouts-readmore-btn:not(:hover){background-color:#c85263 !important;}#ul34173.ultimate-layouts-container.ultimate-layouts-masonry-mode .ul-masonry-mode-loading .ultimate-layouts-masonry-loading,#ul34173.ultimate-layouts-container .ultimate-layouts-listing-wrap .ultimate-layouts-filter-loading{color:#c85263 !important;}#ul34173.ultimate-layouts-container .ultimate-layouts-listing-grid-6 .ultimate-layouts-item:hover .ultimate-layouts-absolute-content,#ul34173.ultimate-layouts-container.ultimate-layouts-global-carousel-settings .carousel-wrapper-control .ultimate-layouts-carousel-t-2 .ultimate-layouts-item:hover .ultimate-layouts-absolute-content,#ul34173.ultimate-layouts-container.ultimate-layouts-global-carousel-settings .carousel-wrapper-control .ultimate-layouts-carousel-f-1 .ultimate-layouts-item:hover .ultimate-layouts-absolute-content,#ul34173.ultimate-layouts-container .ultimate-layouts-block-content-9 .ul-block-content-item .ul-block-content-item-layout .ul-cb-style-large .ul-bc-wrapper-listing .ultimate-layouts-item:hover .ultimate-layouts-absolute-content,#ul34173.ultimate-layouts-container .ultimate-layouts-block-content-10 .ul-block-content-item .ul-block-content-item-layout .ul-cb-style-large .ul-bc-wrapper-listing .ultimate-layouts-item:hover .ultimate-layouts-absolute-content,#ul34173.ultimate-layouts-container .ultimate-layouts-block-content-23 .ul-block-content-item .ul-block-content-item-layout .ul-cb-style-large .ul-bc-wrapper-listing .ultimate-layouts-item:hover .ultimate-layouts-absolute-content,#ul34173.ultimate-layouts-container.ultimate-layouts-sync-slider-settings .ultimate-layouts-sync-s-1 .ul-big-slider-wrapper .ultimate-layouts-item:hover .ultimate-layouts-absolute-content,#ul34173.ultimate-layouts-container.ultimate-layouts-sync-slider-settings .ultimate-layouts-sync-s-2 .ul-big-slider-wrapper .ultimate-layouts-item:hover .ultimate-layouts-absolute-content,#ul34173.ultimate-layouts-container.ultimate-layouts-sync-slider-settings .ultimate-layouts-sync-s-1 .ul-small-slider-wrapper .ul-small-slider-content .ultimate-layouts-item .ultimate-layouts-entry-wrapper:hover,#ul34173.ultimate-layouts-container.ultimate-layouts-sync-slider-settings .ultimate-layouts-sync-s-1 .ul-small-slider-wrapper .ul-small-slider-content .ultimate-layouts-item.slick-current.slick-active .ultimate-layouts-entry-wrapper,#ul34173.ultimate-layouts-container.ultimate-layouts-sync-slider-settings .ultimate-layouts-sync-s-2 .ul-small-slider-wrapper .ul-small-slider-content .ultimate-layouts-item:hover,#ul34173.ultimate-layouts-container.ultimate-layouts-sync-slider-settings .ultimate-layouts-sync-s-3 .ul-small-slider-wrapper .ul-small-slider-content .ultimate-layouts-item.slick-current.slick-active .ultimate-layouts-picture-wrap:after\r\n\t\t\t\t\t\t\t{background-color:#c85263 !important;}#ul34173.ultimate-layouts-container.ultimate-layouts-sync-slider-settings .ultimate-layouts-sync-s-2 .ul-small-slider-wrapper .ul-small-slider-content .ultimate-layouts-item:hover\r\n\t\t\t\t\t\t\t{border-right-color:#c85263 !important;}#ul34173.ultimate-layouts-container .ultimate-layouts-filter-container .ul-smart-tab-filter{border-bottom-color:#c85263 !important;}#ul34173.ultimate-layouts-container .ultimate-layouts-filter-container .ul-smart-tab-filter .ul-smart-tab-title-wrap .ul-smart-tab-title{background-color:#c85263 !important;}#ul34173.ultimate-layouts-container .ul-pagination-wrap .ul-page-numbers .paginationjs .paginationjs-pages ul li.active>a\r\n\t\t\t\t\t\t\t{background-color:#c85263 !important;border-color:#c85263 !important;}.ul_quickview_p_ul34173.ul-quick-view-style .ultimate-layouts-woo-element .ultimate-layouts-woo-price-cart-block .ultimate-layouts-woo-cart .add_to_cart_button:not(:hover){background-color:#c85263 !important;}#ul34173.ultimate-layouts-container .ultimate-layouts-block-content-27 .ul-block-content-item .ul-block-content-item-layout .ul-bc-column.ul-cb-style-listing .ultimate-layouts-item.ul-active-big-post-class,\r\n\t\t\t\t\t\t\t#ul34173.ultimate-layouts-container .ultimate-layouts-block-content-27 .ul-block-content-item .ul-block-content-item-layout .ul-bc-column.ul-cb-style-large .ul-bc-wrapper-listing .ultimate-layouts-item:hover .ultimate-layouts-absolute-content{background-color:#c85263 !important;}#ul34173.ultimate-layouts-container.ultimate-layouts-global-carousel-settings .carousel-wrapper-control .ultimate-layouts-carousel-t .slick-dots li:hover,\r\n\t\t\t\t\t\t\t#ul34173.ultimate-layouts-container.ultimate-layouts-global-carousel-settings .carousel-wrapper-control .ultimate-layouts-carousel-t .slick-dots li.slick-active\r\n\t\t\t\t\t\t\t{background-color:#c85263 !important;}#ul34173.ultimate-layouts-container .ultimate-layouts-excerpt .ultimate-layouts-readmore-excerpt:not(:hover){color:#c85263 !important;}#ul34173.ultimate-layouts-container .ultimate-layouts-filter-container .ul-s-dropdown-filter .ultimate-layouts-sc-filter-container .filter-dropdown-wrapper:not(.active-dropdown) .ul-default-dd-filter\r\n\t\t\t\t\t\t\t{background-color:#c85263 !important;}#ul34173.ultimate-layouts-container .ultimate-layouts-filter-container .ultimate-layouts-sc-filter-container:not([data-display-type=\"1\"]) .ul-filter-action:not(.active-elm):hover,#ul34173.ultimate-layouts-container .ultimate-layouts-filter-container .ul-smart-tab-filter .ul-filter-elements-wrap .ul-filter-action.active-elm\r\n\t\t\t\t\t\t\t{color:#c85263 !important;}#ul34173.ultimate-layouts-container .ultimate-layouts-filter-container .ultimate-layouts-sc-filter-container[data-display-type=\"2\"] .nav__dropdown .ul-filter-action:not(.active-elm):hover,#ul34173.ultimate-layouts-container .ultimate-layouts-filter-container .ul-smart-tab-filter .ul-filter-elements-wrap .nav__dropdown .ul-filter-action.active-elm\r\n\t\t\t\t\t\t\t{color:#FFFFFF !important;}#ul34173.ultimate-layouts-container .ultimate-layouts-filter-container .ul-smart-tab-filter .ul-smart-tab-title-wrap .ul-smart-tab-title,#ul34173.ultimate-layouts-container .ultimate-layouts-filter-container .ul-smart-tab-filter .ul-smart-tab-title-wrap .ul-smart-tab-title a,#ul34173.ultimate-layouts-container .ultimate-layouts-filter-container .ul-smart-tab-filter .ul-smart-tab-title-wrap .ul-smart-tab-title a:focus{color:#ffffff !important;}#ul34173.ultimate-layouts-container .ultimate-layouts-filter-container .ul-smart-tab-filter{border-bottom-color:#c85263 !important;}#ul34173.ultimate-layouts-container .ultimate-layouts-filter-container .ul-smart-tab-filter .ul-smart-tab-title-wrap .ul-smart-tab-title{background-color:#c85263 !important;}<\/style>\r\n\t\t\t\t\t\t\t\t\t\t<h6>h6<\/h6>\r\n\t\t\t\t\t\t\t\t\t<\/aside><script>if(typeof(ultimate_layouts_ajax_url)==\"undefined\"){var ultimate_layouts_ajax_url=[]};ultimate_layouts_ajax_url[\"ul34173\"]=\"https:\/\/www.istud.it\/imprese\/wp-admin\/admin-ajax.php\";if(typeof(ultimate_layouts_query_params)==\"undefined\"){var ultimate_layouts_query_params=[]};ultimate_layouts_query_params[\"ul34173\"]={\"post_types\":\"page\",\"i_attachment\":\"\",\"taxonomies\":\"category\",\"multi_post_types\":\"\",\"multi_taxonomies\":\"\",\"query_types\":\"0\",\"i_taxonomies\":\"29\",\"e_taxonomies\":\"\",\"i_ids\":\"\",\"cq_operator\":\"1\",\"e_ids\":\"\",\"query_author\":\"\",\"query_offset\":\"\",\"query_include_children\":\"1\",\"today_post\":\"0\",\"datetime_meta\":\"\",\"woo_query\":\"0\",\"post_count\":\"-1\",\"posts_per_page\":\"-1\"};if(typeof(ultimate_layouts_filter)==\"undefined\"){var ultimate_layouts_filter=[]};ultimate_layouts_filter[\"ul34173\"]=\"\";if(typeof(ultimate_layouts_order)==\"undefined\"){var ultimate_layouts_order=[]};ultimate_layouts_order[\"ul34173\"]=\"DESC\";if(typeof(ultimate_layouts_orderby)==\"undefined\"){var ultimate_layouts_orderby=[]};ultimate_layouts_orderby[\"ul34173\"]=\"title\";if(typeof(ultimate_layouts_sub_opt_query)==\"undefined\"){var ultimate_layouts_sub_opt_query=[]};ultimate_layouts_sub_opt_query[\"ul34173\"]={\"meta_key_query\":\"\",\"paged\":1,\"first_query\":\"on\",\"total_pages\":-7,\"items_last_page\":0};if(typeof(ultimate_layouts_options)==\"undefined\"){var ultimate_layouts_options=[]};ultimate_layouts_options[\"ul34173\"]={\"layout_style\":\"1\",\"button_gallery_name\":\"Gallery\",\"grid_style\":\"0\",\"list_style\":\"0\",\"carousel_t_style\":\"3\",\"carousel_f_style\":\"0\",\"creative_style\":\"0\",\"timeline_style\":\"0\",\"block_content_style\":\"0\",\"sync_slider_style\":\"0\",\"grid_masonry\":\"0\",\"show_arrows\":\"1\",\"arrows_outside\":\"0\",\"show_dots\":\"1\",\"infinite\":\"1\",\"autoplay\":\"1\",\"autoplayspeed\":5000,\"scrollperpage\":\"1\",\"speed\":500,\"centermode\":\"0\",\"sync_slider_height_d\":\"\",\"sync_slider_height_t\":\"\",\"sync_slider_height_m\":\"\",\"sync_slider_width_d\":\"\",\"sync_slider_width_t\":\"\",\"sync_slider_width_m\":\"\",\"show_elements\":\"0\",\"av_content\":\"0\",\"cc_mobile\":\"1\",\"cc_portrait_tablet\":\"2\",\"cc_landscape_tablet\":\"2\",\"cc_small_desktop\":\"3\",\"cc_medium_desktop\":\"3\",\"cc_large_desktop\":\"4\",\"cc_extra_large_desktop\":\"4\",\"image_size\":\"400x300_ul_grid_4_3_1x\",\"image_size_s\":\"thumbnail\",\"s_image\":\"1\",\"s_image_link\":\"1\",\"s_image_link_target\":\"0\",\"s_icon_lightbox_video\":\"0\",\"video_url_meta\":\"0\",\"video_url_meta_key\":\"\",\"s_icon_lightbox_image\":\"0\",\"s_icon_link\":\"0\",\"s_icon_link_target\":\"0\",\"s_image_hover_effect\":\"0\",\"s_overlay_hover_effect\":\"\",\"s_overlay_settings\":\"0\",\"s_overlay_color\":\"\",\"s_image_post_format\":\"0\",\"s_image_post_format_pos\":\"ul-bottom-right\",\"s_image_avatar\":\"0\",\"s_title\":\"1\",\"s_title_limit\":\"0\",\"s_title_link\":\"1\",\"s_title_link_target\":\"0\",\"s_excerpt\":\"0\",\"s_excerpt_rbtn\":\"0\",\"s_excerpt_f\":\"get_the_excerpt\",\"s_excerpt_sc\":\"1\",\"s_excerpt_sh\":\"1\",\"s_excerpt_length\":0,\"s_categories\":\"0\",\"s_s_categories\":\"0\",\"s_s_categories_parent\":\"0\",\"ex_items_taxonomies\":\"\",\"s_c_categories\":\"0\",\"s_ct_categories\":\"\",\"s_cb_categories\":\"\",\"s_categories_target\":\"0\",\"s_metas_o\":\"1\",\"s_metas_o_author\":\"1\",\"s_metas_o_author_avatar\":\"0\",\"s_metas_o_time\":\"0\",\"time_format\":\"F j, Y\",\"s_metas_o_comment\":\"0\",\"s_metas_o_like\":\"0\",\"s_metas_o_share\":\"0\",\"custom_meta_o\":\"\",\"s_metas_t\":\"1\",\"s_metas_t_author\":\"0\",\"s_metas_t_author_avatar\":\"0\",\"s_metas_t_time\":\"0\",\"time_format_t\":\"F j, Y\",\"s_metas_t_comment\":\"0\",\"s_metas_t_like\":\"1\",\"s_metas_t_share\":\"1\",\"custom_meta_t\":\"\",\"s_metas_t_readmore\":\"1\",\"s_metas_t_readmore_link_target\":\"0\",\"share_text\":\"Condividi\",\"read_more_text\":\"Leggi tutto\",\"before_author_text\":\"\",\"pagination\":\"0\",\"loadmore_text\":\"\",\"prev_text\":\"\",\"next_text\":\"\",\"animate\":\"default\",\"lazyload\":\"0\",\"lazyload_p\":\"\",\"geodirectory_rating\":\"0\",\"quick_view\":\"1\",\"quick_view_mode\":\"0\",\"extra_class\":\"\",\"rnd_id\":\"ul34173\",\"s_title_small\":\"1\",\"s_title_limit_small\":\"0\",\"s_title_link_small\":\"1\",\"s_title_link_target_small\":\"0\",\"s_categories_small\":\"1\",\"s_s_categories_small\":\"0\",\"s_s_categories_parent_small\":\"0\",\"ex_items_taxonomies_small\":\"\",\"s_c_categories_small\":\"0\",\"s_ct_categories_small\":\"\",\"s_cb_categories_small\":\"\",\"s_categories_target_small\":\"0\",\"s_metas_o_small\":\"1\",\"s_metas_o_author_small\":\"1\",\"s_metas_o_author_avatar_small\":\"0\",\"s_metas_o_time_small\":\"1\",\"time_format_small\":\"F j, Y\",\"s_metas_o_comment_small\":\"1\",\"s_metas_o_like_small\":\"0\",\"s_metas_o_share_small\":\"0\",\"custom_meta_o_small\":\"\",\"woo_show_price\":\"0\",\"woo_show_rating\":\"0\",\"woo_show_cart\":\"0\",\"qv_s_title\":\"1\",\"qv_s_categories\":\"1\",\"qv_s_s_categories\":\"1\",\"qv_s_s_categories_parent\":\"1\",\"qv_ex_items_taxonomies\":\"\",\"qv_s_c_categories\":\"0\",\"qv_s_ct_categories\":\"\",\"qv_s_cb_categories\":\"\",\"qv_s_categories_target\":\"0\",\"qv_s_metas_o\":\"1\",\"qv_s_metas_o_author\":\"1\",\"qv_s_metas_o_author_avatar\":\"0\",\"qv_s_metas_o_time\":\"1\",\"qv_time_format\":\"j F Y\",\"qv_s_metas_o_comment\":\"0\",\"qv_s_metas_o_like\":\"0\",\"qv_custom_meta_o\":\"\",\"qv_show_content\":\"1\",\"qv_content_stripsc\":\"0\",\"qv_show_share\":\"1\",\"qv_woo_show_rating\":\"0\",\"qv_s_featured_image\":\"1\",\"goo_ads_client\":\"\",\"goo_ads_id\":\"\",\"goo_ads_offset\":\"1\",\"css_class\":\"\"};<\/script><div id=\"ul34173\" class=\"ultimate-layouts-container ultimate-layouts-wrapper-control ultimate-layouts-global-carousel-settings    \"><div class=\"pagination-prev\"><i class=\"fa fa-angle-left\" aria-hidden=\"true\"><\/i><\/div><div class=\"pagination-next\"><i class=\"fa fa-angle-right\" aria-hidden=\"true\"><\/i><\/div><div class=\"carousel-wrapper-control\"><div class=\"\r\n\t\t\t\t\t\t\t\t\t\t\t\t\tultimate-layouts-listing-wrap \r\n\t\t\t\t\t\t\t\t\t\t\t\t\tultimate-layouts-carousel-t\r\n\t\t\t\t\t\t\t\t\t\t\t\t\tultimate-layouts-carousel-t-4\r\n\t\t\t\t\t\t\t\t\t\t\t\t\t\r\n\t\t\t\t\t\t\t\t\t\t\t\t\tultimate-layouts-effect-icon\t\t\t\t\t\t\t\t\t\t\t\t\r\n\t\t\t\t\t\t\t\t\t\t\t\t\t ultimate-layouts-col-1 ultimate-layouts-col-pt-2 ultimate-layouts-col-lt-2 ultimate-layouts-col-sm-3 ultimate-layouts-col-md-3 ultimate-layouts-col-lg-4 ultimate-layouts-col-el-4\r\n\t\t\t\t\t\t\t\t\t\t\t\t\"><!--post item--> \r\n<article class=\"ultimate-layouts-item hentry\" data-server-index=\"1\">\r\n    <!--entry content-->\r\n    <div class=\"ultimate-layouts-entry-wrapper entry-content\">    \r\n        <!--picture-->\r\n                    <div class=\"ultimate-layouts-picture\">\r\n                <div class=\"ultimate-layouts-picture-wrap ultimate-layouts-get-pic\">                \t                    \r\n                    <a  data-post-id=\"2044\" href=\"https:\/\/www.istud.it\/imprese\/formazione-interaziendale-per-manager\/strategic-innovation\/\" title=\"Strategic Innovation\"   class=\"ultimate-layouts-picture-link\"><img class=\"ultimate-layouts-img  \" src=\"https:\/\/www.istud.it\/imprese\/wp-content\/uploads\/2017\/12\/strategic-innovation-400x300.png\" srcset=\"https:\/\/www.istud.it\/imprese\/wp-content\/uploads\/2017\/12\/strategic-innovation-400x300.png 400w, https:\/\/www.istud.it\/imprese\/wp-content\/uploads\/2017\/12\/strategic-innovation-800x600.png 800w, https:\/\/www.istud.it\/imprese\/wp-content\/uploads\/2017\/12\/strategic-innovation-1200x900.png 1200w\" sizes=\"(max-width: 400px) 100vw, 400px\" alt=\"strategic innovation\"\/><\/a>                                        <div class=\"ultimate-layouts-control-pop \"><\/div>                    \r\n                <\/div>                \r\n                            <\/div>\r\n            \r\n        <!--picture-->\r\n        <!--content-->\r\n        <div class=\"ultimate-layouts-content entry\">            \r\n                        \r\n            <h3 class=\"ultimate-layouts-title font-size-16 entry-title  \"><a  data-post-id=\"2044\" href=\"https:\/\/www.istud.it\/imprese\/formazione-interaziendale-per-manager\/strategic-innovation\/\" title=\"Strategic Innovation\"   class=\"ultimate-layouts-title-link\">Strategic Innovation<\/a><\/h3>            \r\n            <div class=\"ultimate-layouts-metas posted-on \"><div class=\"ultimate-layouts-metas-wrap\"><div data-class=\"ul-author-metas\"><i class=\"fa fa-user\" aria-hidden=\"true\"><\/i> <span>Marco Rosetti<\/span><\/div><\/div><\/div>                                <\/div><!--content-->                \r\n    <\/div><!--entry content-->            \r\n<\/article><!--post item--><!--post item--> \r\n<article class=\"ultimate-layouts-item hentry\" data-server-index=\"2\">\r\n    <!--entry content-->\r\n    <div class=\"ultimate-layouts-entry-wrapper entry-content\">    \r\n        <!--picture-->\r\n                    <div class=\"ultimate-layouts-picture\">\r\n                <div class=\"ultimate-layouts-picture-wrap ultimate-layouts-get-pic\">                \t                    \r\n                    <a  data-post-id=\"2186\" href=\"https:\/\/www.istud.it\/imprese\/formazione-interaziendale-per-manager\/social-hr-for-digital-engagement\/\" title=\"Social HR for Digital Engagement\"   class=\"ultimate-layouts-picture-link\"><img class=\"ultimate-layouts-img  \" src=\"https:\/\/www.istud.it\/imprese\/wp-content\/uploads\/2021\/04\/social-hr-400x300.png\" srcset=\"https:\/\/www.istud.it\/imprese\/wp-content\/uploads\/2021\/04\/social-hr-400x300.png 400w, https:\/\/www.istud.it\/imprese\/wp-content\/uploads\/2021\/04\/social-hr-800x600.png 800w, https:\/\/www.istud.it\/imprese\/wp-content\/uploads\/2021\/04\/social-hr-1200x900.png 1200w\" sizes=\"(max-width: 400px) 100vw, 400px\" alt=\"social-hr\"\/><\/a>                                        <div class=\"ultimate-layouts-control-pop \"><\/div>                    \r\n                <\/div>                \r\n                            <\/div>\r\n            \r\n        <!--picture-->\r\n        <!--content-->\r\n        <div class=\"ultimate-layouts-content entry\">            \r\n                        \r\n            <h3 class=\"ultimate-layouts-title font-size-16 entry-title  \"><a  data-post-id=\"2186\" href=\"https:\/\/www.istud.it\/imprese\/formazione-interaziendale-per-manager\/social-hr-for-digital-engagement\/\" title=\"Social HR for Digital Engagement\"   class=\"ultimate-layouts-title-link\">Social HR for Digital Engagement<\/a><\/h3>            \r\n            <div class=\"ultimate-layouts-metas posted-on \"><div class=\"ultimate-layouts-metas-wrap\"><div data-class=\"ul-author-metas\"><i class=\"fa fa-user\" aria-hidden=\"true\"><\/i> <span>ISTUD<\/span><\/div><\/div><\/div>                                <\/div><!--content-->                \r\n    <\/div><!--entry content-->            \r\n<\/article><!--post item--><!--post item--> \r\n<article class=\"ultimate-layouts-item hentry\" data-server-index=\"3\">\r\n    <!--entry content-->\r\n    <div class=\"ultimate-layouts-entry-wrapper entry-content\">    \r\n        <!--picture-->\r\n                    <div class=\"ultimate-layouts-picture\">\r\n                <div class=\"ultimate-layouts-picture-wrap ultimate-layouts-get-pic\">                \t                    \r\n                    <a  data-post-id=\"4722\" href=\"https:\/\/www.istud.it\/imprese\/formazione-interaziendale-per-manager\/social-employer-branding-e-digital-recruiting\/\" title=\"Social Employer Branding e Digital Recruiting\"   class=\"ultimate-layouts-picture-link\"><img class=\"ultimate-layouts-img  \" src=\"https:\/\/www.istud.it\/imprese\/wp-content\/uploads\/2021\/04\/social-employer-branding-e-digital-recruiting-400x300.jpg\" srcset=\"https:\/\/www.istud.it\/imprese\/wp-content\/uploads\/2021\/04\/social-employer-branding-e-digital-recruiting-400x300.jpg 400w, https:\/\/www.istud.it\/imprese\/wp-content\/uploads\/2021\/04\/social-employer-branding-e-digital-recruiting-800x600.jpg 800w, https:\/\/www.istud.it\/imprese\/wp-content\/uploads\/2021\/04\/social-employer-branding-e-digital-recruiting-1200x900.jpg 1200w\" sizes=\"(max-width: 400px) 100vw, 400px\" alt=\"social-employer-branding-e-digital-recruiting\"\/><\/a>                                        <div class=\"ultimate-layouts-control-pop \"><\/div>                    \r\n                <\/div>                \r\n                            <\/div>\r\n            \r\n        <!--picture-->\r\n        <!--content-->\r\n        <div class=\"ultimate-layouts-content entry\">            \r\n                        \r\n            <h3 class=\"ultimate-layouts-title font-size-16 entry-title  \"><a  data-post-id=\"4722\" href=\"https:\/\/www.istud.it\/imprese\/formazione-interaziendale-per-manager\/social-employer-branding-e-digital-recruiting\/\" title=\"Social Employer Branding e Digital Recruiting\"   class=\"ultimate-layouts-title-link\">Social Employer Branding e Digital Recruiting<\/a><\/h3>            \r\n            <div class=\"ultimate-layouts-metas posted-on \"><div class=\"ultimate-layouts-metas-wrap\"><div data-class=\"ul-author-metas\"><i class=\"fa fa-user\" aria-hidden=\"true\"><\/i> <span>Michele Stanta<\/span><\/div><\/div><\/div>                                <\/div><!--content-->                \r\n    <\/div><!--entry content-->            \r\n<\/article><!--post item--><!--post item--> \r\n<article class=\"ultimate-layouts-item hentry\" data-server-index=\"4\">\r\n    <!--entry content-->\r\n    <div class=\"ultimate-layouts-entry-wrapper entry-content\">    \r\n        <!--picture-->\r\n                    <div class=\"ultimate-layouts-picture\">\r\n                <div class=\"ultimate-layouts-picture-wrap ultimate-layouts-get-pic\">                \t                    \r\n                    <a  data-post-id=\"4720\" href=\"https:\/\/www.istud.it\/imprese\/formazione-interaziendale-per-manager\/organizzazioni-data-driven-big-data\/\" title=\"Organizzazioni Data Driven e Big Data\"   class=\"ultimate-layouts-picture-link\"><img class=\"ultimate-layouts-img  \" src=\"https:\/\/www.istud.it\/imprese\/wp-content\/uploads\/2023\/04\/Organizzazioni-Data-Driven-e-Big-Data-1-400x300.jpg\" srcset=\"https:\/\/www.istud.it\/imprese\/wp-content\/uploads\/2023\/04\/Organizzazioni-Data-Driven-e-Big-Data-1-400x300.jpg 400w, https:\/\/www.istud.it\/imprese\/wp-content\/uploads\/2023\/04\/Organizzazioni-Data-Driven-e-Big-Data-1-800x600.jpg 800w, https:\/\/www.istud.it\/imprese\/wp-content\/uploads\/2023\/04\/Organizzazioni-Data-Driven-e-Big-Data-1-1200x900.jpg 1200w\" sizes=\"(max-width: 400px) 100vw, 400px\" alt=\"Organizzazioni Data Driven e Big Data (1)\"\/><\/a>                                        <div class=\"ultimate-layouts-control-pop \"><\/div>                    \r\n                <\/div>                \r\n                            <\/div>\r\n            \r\n        <!--picture-->\r\n        <!--content-->\r\n        <div class=\"ultimate-layouts-content entry\">            \r\n                        \r\n            <h3 class=\"ultimate-layouts-title font-size-16 entry-title  \"><a  data-post-id=\"4720\" href=\"https:\/\/www.istud.it\/imprese\/formazione-interaziendale-per-manager\/organizzazioni-data-driven-big-data\/\" title=\"Organizzazioni Data Driven e Big Data\"   class=\"ultimate-layouts-title-link\">Organizzazioni Data Driven e Big Data<\/a><\/h3>            \r\n            <div class=\"ultimate-layouts-metas posted-on \"><div class=\"ultimate-layouts-metas-wrap\"><div data-class=\"ul-author-metas\"><i class=\"fa fa-user\" aria-hidden=\"true\"><\/i> <span>ISTUD<\/span><\/div><\/div><\/div>                                <\/div><!--content-->                \r\n    <\/div><!--entry content-->            \r\n<\/article><!--post item--><!--post item--> \r\n<article class=\"ultimate-layouts-item hentry\" data-server-index=\"5\">\r\n    <!--entry content-->\r\n    <div class=\"ultimate-layouts-entry-wrapper entry-content\">    \r\n        <!--picture-->\r\n                    <div class=\"ultimate-layouts-picture\">\r\n                <div class=\"ultimate-layouts-picture-wrap ultimate-layouts-get-pic\">                \t                    \r\n                    <a  data-post-id=\"1837\" href=\"https:\/\/www.istud.it\/imprese\/formazione-interaziendale-per-manager\/la-strategia-marketing-un-ambiente-digitalizzato\/\" title=\"La strategia di marketing in un ambiente digitalizzato\"   class=\"ultimate-layouts-picture-link\"><img class=\"ultimate-layouts-img  \" src=\"https:\/\/www.istud.it\/imprese\/wp-content\/uploads\/2023\/03\/La-strategia-di-marketing-in-un-ambiente-digitalizzato-400x300.jpg\" srcset=\"https:\/\/www.istud.it\/imprese\/wp-content\/uploads\/2023\/03\/La-strategia-di-marketing-in-un-ambiente-digitalizzato-400x300.jpg 400w, https:\/\/www.istud.it\/imprese\/wp-content\/uploads\/2023\/03\/La-strategia-di-marketing-in-un-ambiente-digitalizzato-800x600.jpg 800w\" sizes=\"(max-width: 400px) 100vw, 400px\" alt=\"La strategia di marketing in un ambiente digitalizzato\"\/><\/a>                                        <div class=\"ultimate-layouts-control-pop \"><\/div>                    \r\n                <\/div>                \r\n                            <\/div>\r\n            \r\n        <!--picture-->\r\n        <!--content-->\r\n        <div class=\"ultimate-layouts-content entry\">            \r\n                        \r\n            <h3 class=\"ultimate-layouts-title font-size-16 entry-title  \"><a  data-post-id=\"1837\" href=\"https:\/\/www.istud.it\/imprese\/formazione-interaziendale-per-manager\/la-strategia-marketing-un-ambiente-digitalizzato\/\" title=\"La strategia di marketing in un ambiente digitalizzato\"   class=\"ultimate-layouts-title-link\">La strategia di marketing in un ambiente digitalizzato<\/a><\/h3>            \r\n            <div class=\"ultimate-layouts-metas posted-on \"><div class=\"ultimate-layouts-metas-wrap\"><div data-class=\"ul-author-metas\"><i class=\"fa fa-user\" aria-hidden=\"true\"><\/i> <span>Gianluca Diegoli<\/span><\/div><\/div><\/div>                                <\/div><!--content-->                \r\n    <\/div><!--entry content-->            \r\n<\/article><!--post item--><!--post item--> \r\n<article class=\"ultimate-layouts-item hentry\" data-server-index=\"6\">\r\n    <!--entry content-->\r\n    <div class=\"ultimate-layouts-entry-wrapper entry-content\">    \r\n        <!--picture-->\r\n                    <div class=\"ultimate-layouts-picture\">\r\n                <div class=\"ultimate-layouts-picture-wrap ultimate-layouts-get-pic\">                \t                    \r\n                    <a  data-post-id=\"2026\" href=\"https:\/\/www.istud.it\/imprese\/formazione-interaziendale-per-manager\/digital-storytelling-for-organizations\/\" title=\"Digital storytelling for organizations\"   class=\"ultimate-layouts-picture-link\"><img class=\"ultimate-layouts-img  \" src=\"https:\/\/www.istud.it\/imprese\/wp-content\/uploads\/2023\/03\/Digital-Storytelling-for-organizations-400x300.jpg\" srcset=\"https:\/\/www.istud.it\/imprese\/wp-content\/uploads\/2023\/03\/Digital-Storytelling-for-organizations-400x300.jpg 400w, https:\/\/www.istud.it\/imprese\/wp-content\/uploads\/2023\/03\/Digital-Storytelling-for-organizations-800x600.jpg 800w\" sizes=\"(max-width: 400px) 100vw, 400px\" alt=\"Digital Storytelling for organizations\"\/><\/a>                                        <div class=\"ultimate-layouts-control-pop \"><\/div>                    \r\n                <\/div>                \r\n                            <\/div>\r\n            \r\n        <!--picture-->\r\n        <!--content-->\r\n        <div class=\"ultimate-layouts-content entry\">            \r\n                        \r\n            <h3 class=\"ultimate-layouts-title font-size-16 entry-title  \"><a  data-post-id=\"2026\" href=\"https:\/\/www.istud.it\/imprese\/formazione-interaziendale-per-manager\/digital-storytelling-for-organizations\/\" title=\"Digital storytelling for organizations\"   class=\"ultimate-layouts-title-link\">Digital storytelling for organizations<\/a><\/h3>            \r\n            <div class=\"ultimate-layouts-metas posted-on \"><div class=\"ultimate-layouts-metas-wrap\"><div data-class=\"ul-author-metas\"><i class=\"fa fa-user\" aria-hidden=\"true\"><\/i> <span>Nicola Castelli<\/span><\/div><\/div><\/div>                                <\/div><!--content-->                \r\n    <\/div><!--entry content-->            \r\n<\/article><!--post item--><!--post item--> \r\n<article class=\"ultimate-layouts-item hentry\" data-server-index=\"7\">\r\n    <!--entry content-->\r\n    <div class=\"ultimate-layouts-entry-wrapper entry-content\">    \r\n        <!--picture-->\r\n                    <div class=\"ultimate-layouts-picture\">\r\n                <div class=\"ultimate-layouts-picture-wrap ultimate-layouts-get-pic\">                \t                    \r\n                    <a  data-post-id=\"4728\" href=\"https:\/\/www.istud.it\/imprese\/formazione-interaziendale-per-manager\/digital-marketing-per-il-settore-farmaceutico-e-biomedicale\/\" title=\"Digital Marketing per il settore farmaceutico e biomedicale\"   class=\"ultimate-layouts-picture-link\"><img class=\"ultimate-layouts-img  \" src=\"https:\/\/www.istud.it\/imprese\/wp-content\/uploads\/2021\/04\/digital-marketing-per-il-settore-farmaceutico-e-biomedicale-400x300.png\" srcset=\"https:\/\/www.istud.it\/imprese\/wp-content\/uploads\/2021\/04\/digital-marketing-per-il-settore-farmaceutico-e-biomedicale-400x300.png 400w, https:\/\/www.istud.it\/imprese\/wp-content\/uploads\/2021\/04\/digital-marketing-per-il-settore-farmaceutico-e-biomedicale-800x600.png 800w, https:\/\/www.istud.it\/imprese\/wp-content\/uploads\/2021\/04\/digital-marketing-per-il-settore-farmaceutico-e-biomedicale-1200x900.png 1200w\" sizes=\"(max-width: 400px) 100vw, 400px\" alt=\"digital-marketing-per-il-settore-farmaceutico-e-biomedicale\"\/><\/a>                                        <div class=\"ultimate-layouts-control-pop \"><\/div>                    \r\n                <\/div>                \r\n                            <\/div>\r\n            \r\n        <!--picture-->\r\n        <!--content-->\r\n        <div class=\"ultimate-layouts-content entry\">            \r\n                        \r\n            <h3 class=\"ultimate-layouts-title font-size-16 entry-title  \"><a  data-post-id=\"4728\" href=\"https:\/\/www.istud.it\/imprese\/formazione-interaziendale-per-manager\/digital-marketing-per-il-settore-farmaceutico-e-biomedicale\/\" title=\"Digital Marketing per il settore farmaceutico e biomedicale\"   class=\"ultimate-layouts-title-link\">Digital Marketing per il settore farmaceutico e biomedicale<\/a><\/h3>            \r\n            <div class=\"ultimate-layouts-metas posted-on \"><div class=\"ultimate-layouts-metas-wrap\"><div data-class=\"ul-author-metas\"><i class=\"fa fa-user\" aria-hidden=\"true\"><\/i> <span>Michele Stanta<\/span><\/div><\/div><\/div>                                <\/div><!--content-->                \r\n    <\/div><!--entry content-->            \r\n<\/article><!--post item--><\/div><\/div><\/div>[\/vc_column][\/vc_row][vc_row full_width=&#8221;stretch_row&#8221; css=&#8221;.vc_custom_1611584747273{margin-bottom: 0px !important;background-color: #c85263 !important;}&#8221; el_id=&#8221;contatti&#8221; el_class=&#8221;centered&#8221;][vc_column width=&#8221;1\/6&#8243;][\/vc_column][vc_column width=&#8221;2\/3&#8243;][vc_column_text el_class=&#8221;non-h3 white&#8221;]Richiedi informazioni[\/vc_column_text]<div role=\"form\" class=\"wpcf7\" id=\"wpcf7-f1477-o1\" lang=\"it-IT\" dir=\"ltr\">\n<div class=\"screen-reader-response\"><p role=\"status\" aria-live=\"polite\" aria-atomic=\"true\"><\/p> <ul><\/ul><\/div>\n<form action=\"\/imprese\/wp-json\/wp\/v2\/pages\/1837#wpcf7-f1477-o1\" method=\"post\" class=\"wpcf7-form init\" novalidate=\"novalidate\" data-status=\"init\">\n<div style=\"display: none;\">\n<input type=\"hidden\" name=\"_wpcf7\" value=\"1477\" \/>\n<input type=\"hidden\" name=\"_wpcf7_version\" value=\"5.5.6\" \/>\n<input type=\"hidden\" name=\"_wpcf7_locale\" value=\"it_IT\" \/>\n<input type=\"hidden\" name=\"_wpcf7_unit_tag\" value=\"wpcf7-f1477-o1\" \/>\n<input type=\"hidden\" name=\"_wpcf7_container_post\" value=\"0\" \/>\n<input type=\"hidden\" name=\"_wpcf7_posted_data_hash\" value=\"\" \/>\n<input type=\"hidden\" name=\"_wpcf7_recaptcha_response\" value=\"\" \/>\n<\/div>\n<div class=\"item-form-full\"><span class=\"wpcf7-form-control-wrap nome\"><input type=\"text\" name=\"nome\" value=\"\" size=\"40\" class=\"wpcf7-form-control wpcf7-text wpcf7-validates-as-required\" aria-required=\"true\" aria-invalid=\"false\" placeholder=\"Nome*\" \/><\/span><\/div>\n<div class=\"item-form-full\"><span class=\"wpcf7-form-control-wrap cognome\"><input type=\"text\" name=\"cognome\" value=\"\" size=\"40\" class=\"wpcf7-form-control wpcf7-text wpcf7-validates-as-required\" aria-required=\"true\" aria-invalid=\"false\" placeholder=\"Cognome*\" \/><\/span><\/div>\n<div class=\"item-form-full\"><span class=\"wpcf7-form-control-wrap email\"><input type=\"email\" name=\"email\" value=\"\" size=\"40\" class=\"wpcf7-form-control wpcf7-text wpcf7-email wpcf7-validates-as-required wpcf7-validates-as-email\" aria-required=\"true\" aria-invalid=\"false\" placeholder=\"E-mail*\" \/><\/span><\/div>\n<div class=\"item-form-full\"><span class=\"wpcf7-form-control-wrap tel\"><input type=\"tel\" name=\"tel\" value=\"\" size=\"40\" class=\"wpcf7-form-control wpcf7-text wpcf7-tel wpcf7-validates-as-required wpcf7-validates-as-tel\" aria-required=\"true\" aria-invalid=\"false\" placeholder=\"Telefono*\" \/><\/span><\/div>\n<div class=\"item-form-full\"><span class=\"wpcf7-form-control-wrap azienda\"><input type=\"text\" name=\"azienda\" value=\"\" size=\"40\" class=\"wpcf7-form-control wpcf7-text wpcf7-validates-as-required\" aria-required=\"true\" aria-invalid=\"false\" placeholder=\"Azienda*\" \/><\/span><\/div>\n<input type=\"hidden\" name=\"utm_source\" value=\"sito\" class=\"wpcf7-form-control wpcf7-hidden\" \/>\n<p align=\"left\"><font color=\"#ffffff\"><strong>Privacy*<\/strong><br \/>Ho letto l'<a href=\"https:\/\/www.istud.it\/privacy-informativa-e-richiesta-di-consenso-form\/\" target=\"_blank\" style=\"color:#ffffff; text-decoration: underline\"><strong>informativa<\/strong><\/a> e accetto il trattamento per le finalit\u00e0 indicate. <span class=\"wpcf7-form-control-wrap privacy\"><span class=\"wpcf7-form-control wpcf7-checkbox wpcf7-validates-as-required wpcf7-exclusive-checkbox\"><span class=\"wpcf7-list-item first\"><input type=\"checkbox\" name=\"privacy\" value=\"Accetto\" \/><span class=\"wpcf7-list-item-label\">Accetto<\/span><\/span><span class=\"wpcf7-list-item last\"><input type=\"checkbox\" name=\"privacy\" value=\"Non accetto\" \/><span class=\"wpcf7-list-item-label\">Non accetto<\/span><\/span><\/span><\/span><\/font><\/p>\n<p><input type=\"submit\" value=\"Invia\" class=\"wpcf7-form-control has-spinner wpcf7-submit\" \/><\/p>\n<div class=\"wpcf7-response-output\" aria-hidden=\"true\"><\/div><\/form><\/div>[\/vc_column][vc_column width=&#8221;1\/6&#8243;][\/vc_column][\/vc_row]<\/p>\n","protected":false},"excerpt":{"rendered":"<p>[vc_row full_width=&#8221;stretch_row&#8221; css=&#8221;.vc_custom_1611584937107{padding-top: 180px !important;padding-bottom: 35px !important;background-color: #c85263 !important;}&#8221; el_class=&#8221;no-bottom-margin&#8221;][vc_column offset=&#8221;vc_hidden-sm vc_hidden-xs&#8221;][vc_column_text el_class=&#8221;white big-title&#8221;]SEMINARIO ATTIVABILE IN MODALITA\u2019 IN HOUSE O ONE TO ONE La strategia di marketing in un ambiente &hellip; <\/p>\n","protected":false},"author":43,"featured_media":10680,"parent":1497,"menu_order":240,"comment_status":"closed","ping_status":"closed","template":"","meta":[],"categories":[45,219,29,224,40,51,43,44],"yoast_head":"<!-- This site is optimized with the Yoast SEO plugin v18.4.1 - https:\/\/yoast.com\/wordpress\/plugins\/seo\/ -->\n<title>Corso digital marketing strategico con Gianluca Diegoli - ISTUD<\/title>\n<meta name=\"description\" content=\"Le strategie per adeguare il proprio business e struttura organizzativa alla luce dei cambiamenti imposti dal digitale. Con Gianluca Diegoli a Milano\" \/>\n<meta name=\"robots\" content=\"index, follow, max-snippet:-1, max-image-preview:large, max-video-preview:-1\" \/>\n<link rel=\"canonical\" href=\"https:\/\/www.istud.it\/imprese\/formazione-interaziendale-per-manager\/la-strategia-marketing-un-ambiente-digitalizzato\/\" \/>\n<meta property=\"og:locale\" content=\"it_IT\" \/>\n<meta property=\"og:type\" content=\"article\" \/>\n<meta property=\"og:title\" content=\"Corso digital marketing strategico con Gianluca Diegoli - ISTUD\" \/>\n<meta property=\"og:description\" content=\"Le strategie per adeguare il proprio business e struttura organizzativa alla luce dei cambiamenti imposti dal digitale. Con Gianluca Diegoli a Milano\" \/>\n<meta property=\"og:url\" content=\"https:\/\/www.istud.it\/imprese\/formazione-interaziendale-per-manager\/la-strategia-marketing-un-ambiente-digitalizzato\/\" \/>\n<meta property=\"og:site_name\" content=\"ISTUD Imprese\" \/>\n<meta property=\"article:publisher\" content=\"https:\/\/www.facebook.com\/fondazioneistud\/\" \/>\n<meta property=\"article:modified_time\" content=\"2023-03-22T15:54:23+00:00\" \/>\n<meta property=\"og:image\" content=\"https:\/\/www.istud.it\/imprese\/wp-content\/uploads\/2023\/03\/La-strategia-di-marketing-in-un-ambiente-digitalizzato.jpg\" \/>\n\t<meta property=\"og:image:width\" content=\"1280\" \/>\n\t<meta property=\"og:image:height\" content=\"720\" \/>\n\t<meta property=\"og:image:type\" content=\"image\/jpeg\" \/>\n<meta name=\"twitter:card\" content=\"summary\" \/>\n<meta name=\"twitter:site\" content=\"@istud_it\" \/>\n<meta name=\"twitter:label1\" content=\"Tempo di lettura stimato\" \/>\n\t<meta name=\"twitter:data1\" content=\"7 minuti\" \/>\n<script type=\"application\/ld+json\" class=\"yoast-schema-graph\">{\"@context\":\"https:\/\/schema.org\",\"@graph\":[{\"@type\":\"WebSite\",\"@id\":\"https:\/\/www.istud.it\/imprese\/#website\",\"url\":\"https:\/\/www.istud.it\/imprese\/\",\"name\":\"ISTUD Imprese\",\"description\":\"\",\"potentialAction\":[{\"@type\":\"SearchAction\",\"target\":{\"@type\":\"EntryPoint\",\"urlTemplate\":\"https:\/\/www.istud.it\/imprese\/?s={search_term_string}\"},\"query-input\":\"required name=search_term_string\"}],\"inLanguage\":\"it-IT\"},{\"@type\":\"ImageObject\",\"@id\":\"https:\/\/www.istud.it\/imprese\/formazione-interaziendale-per-manager\/la-strategia-marketing-un-ambiente-digitalizzato\/#primaryimage\",\"inLanguage\":\"it-IT\",\"url\":\"https:\/\/www.istud.it\/imprese\/wp-content\/uploads\/2023\/03\/La-strategia-di-marketing-in-un-ambiente-digitalizzato.jpg\",\"contentUrl\":\"https:\/\/www.istud.it\/imprese\/wp-content\/uploads\/2023\/03\/La-strategia-di-marketing-in-un-ambiente-digitalizzato.jpg\",\"width\":1280,\"height\":720,\"caption\":\"Uomo utilizza tablet appoggiato su un tavolo, assieme ad occhiali da vista. In sovraimpressione, icone bianche a tema marketing\"},{\"@type\":\"WebPage\",\"@id\":\"https:\/\/www.istud.it\/imprese\/formazione-interaziendale-per-manager\/la-strategia-marketing-un-ambiente-digitalizzato\/#webpage\",\"url\":\"https:\/\/www.istud.it\/imprese\/formazione-interaziendale-per-manager\/la-strategia-marketing-un-ambiente-digitalizzato\/\",\"name\":\"Corso digital marketing strategico con Gianluca Diegoli - ISTUD\",\"isPartOf\":{\"@id\":\"https:\/\/www.istud.it\/imprese\/#website\"},\"primaryImageOfPage\":{\"@id\":\"https:\/\/www.istud.it\/imprese\/formazione-interaziendale-per-manager\/la-strategia-marketing-un-ambiente-digitalizzato\/#primaryimage\"},\"datePublished\":\"2017-11-17T17:07:47+00:00\",\"dateModified\":\"2023-03-22T15:54:23+00:00\",\"description\":\"Le strategie per adeguare il proprio business e struttura organizzativa alla luce dei cambiamenti imposti dal digitale. Con Gianluca Diegoli a Milano\",\"breadcrumb\":{\"@id\":\"https:\/\/www.istud.it\/imprese\/formazione-interaziendale-per-manager\/la-strategia-marketing-un-ambiente-digitalizzato\/#breadcrumb\"},\"inLanguage\":\"it-IT\",\"potentialAction\":[{\"@type\":\"ReadAction\",\"target\":[\"https:\/\/www.istud.it\/imprese\/formazione-interaziendale-per-manager\/la-strategia-marketing-un-ambiente-digitalizzato\/\"]}]},{\"@type\":\"BreadcrumbList\",\"@id\":\"https:\/\/www.istud.it\/imprese\/formazione-interaziendale-per-manager\/la-strategia-marketing-un-ambiente-digitalizzato\/#breadcrumb\",\"itemListElement\":[{\"@type\":\"ListItem\",\"position\":1,\"name\":\"Home\",\"item\":\"https:\/\/www.istud.it\/imprese\/\"},{\"@type\":\"ListItem\",\"position\":2,\"name\":\"Intercompany training\",\"item\":\"https:\/\/www.istud.it\/imprese\/formazione-interaziendale-per-manager\/\"},{\"@type\":\"ListItem\",\"position\":3,\"name\":\"La strategia di marketing in un ambiente digitalizzato\"}]}]}<\/script>\n<!-- \/ Yoast SEO plugin. -->","yoast_head_json":{"title":"Corso digital marketing strategico con Gianluca Diegoli - ISTUD","description":"Le strategie per adeguare il proprio business e struttura organizzativa alla luce dei cambiamenti imposti dal digitale. Con Gianluca Diegoli a Milano","robots":{"index":"index","follow":"follow","max-snippet":"max-snippet:-1","max-image-preview":"max-image-preview:large","max-video-preview":"max-video-preview:-1"},"canonical":"https:\/\/www.istud.it\/imprese\/formazione-interaziendale-per-manager\/la-strategia-marketing-un-ambiente-digitalizzato\/","og_locale":"it_IT","og_type":"article","og_title":"Corso digital marketing strategico con Gianluca Diegoli - ISTUD","og_description":"Le strategie per adeguare il proprio business e struttura organizzativa alla luce dei cambiamenti imposti dal digitale. Con Gianluca Diegoli a Milano","og_url":"https:\/\/www.istud.it\/imprese\/formazione-interaziendale-per-manager\/la-strategia-marketing-un-ambiente-digitalizzato\/","og_site_name":"ISTUD Imprese","article_publisher":"https:\/\/www.facebook.com\/fondazioneistud\/","article_modified_time":"2023-03-22T15:54:23+00:00","og_image":[{"width":1280,"height":720,"url":"https:\/\/www.istud.it\/imprese\/wp-content\/uploads\/2023\/03\/La-strategia-di-marketing-in-un-ambiente-digitalizzato.jpg","type":"image\/jpeg"}],"twitter_card":"summary","twitter_site":"@istud_it","twitter_misc":{"Tempo di lettura stimato":"7 minuti"},"schema":{"@context":"https:\/\/schema.org","@graph":[{"@type":"WebSite","@id":"https:\/\/www.istud.it\/imprese\/#website","url":"https:\/\/www.istud.it\/imprese\/","name":"ISTUD Imprese","description":"","potentialAction":[{"@type":"SearchAction","target":{"@type":"EntryPoint","urlTemplate":"https:\/\/www.istud.it\/imprese\/?s={search_term_string}"},"query-input":"required name=search_term_string"}],"inLanguage":"it-IT"},{"@type":"ImageObject","@id":"https:\/\/www.istud.it\/imprese\/formazione-interaziendale-per-manager\/la-strategia-marketing-un-ambiente-digitalizzato\/#primaryimage","inLanguage":"it-IT","url":"https:\/\/www.istud.it\/imprese\/wp-content\/uploads\/2023\/03\/La-strategia-di-marketing-in-un-ambiente-digitalizzato.jpg","contentUrl":"https:\/\/www.istud.it\/imprese\/wp-content\/uploads\/2023\/03\/La-strategia-di-marketing-in-un-ambiente-digitalizzato.jpg","width":1280,"height":720,"caption":"Uomo utilizza tablet appoggiato su un tavolo, assieme ad occhiali da vista. In sovraimpressione, icone bianche a tema marketing"},{"@type":"WebPage","@id":"https:\/\/www.istud.it\/imprese\/formazione-interaziendale-per-manager\/la-strategia-marketing-un-ambiente-digitalizzato\/#webpage","url":"https:\/\/www.istud.it\/imprese\/formazione-interaziendale-per-manager\/la-strategia-marketing-un-ambiente-digitalizzato\/","name":"Corso digital marketing strategico con Gianluca Diegoli - ISTUD","isPartOf":{"@id":"https:\/\/www.istud.it\/imprese\/#website"},"primaryImageOfPage":{"@id":"https:\/\/www.istud.it\/imprese\/formazione-interaziendale-per-manager\/la-strategia-marketing-un-ambiente-digitalizzato\/#primaryimage"},"datePublished":"2017-11-17T17:07:47+00:00","dateModified":"2023-03-22T15:54:23+00:00","description":"Le strategie per adeguare il proprio business e struttura organizzativa alla luce dei cambiamenti imposti dal digitale. Con Gianluca Diegoli a Milano","breadcrumb":{"@id":"https:\/\/www.istud.it\/imprese\/formazione-interaziendale-per-manager\/la-strategia-marketing-un-ambiente-digitalizzato\/#breadcrumb"},"inLanguage":"it-IT","potentialAction":[{"@type":"ReadAction","target":["https:\/\/www.istud.it\/imprese\/formazione-interaziendale-per-manager\/la-strategia-marketing-un-ambiente-digitalizzato\/"]}]},{"@type":"BreadcrumbList","@id":"https:\/\/www.istud.it\/imprese\/formazione-interaziendale-per-manager\/la-strategia-marketing-un-ambiente-digitalizzato\/#breadcrumb","itemListElement":[{"@type":"ListItem","position":1,"name":"Home","item":"https:\/\/www.istud.it\/imprese\/"},{"@type":"ListItem","position":2,"name":"Intercompany training","item":"https:\/\/www.istud.it\/imprese\/formazione-interaziendale-per-manager\/"},{"@type":"ListItem","position":3,"name":"La strategia di marketing in un ambiente digitalizzato"}]}]}},"_links":{"self":[{"href":"https:\/\/www.istud.it\/imprese\/wp-json\/wp\/v2\/pages\/1837"}],"collection":[{"href":"https:\/\/www.istud.it\/imprese\/wp-json\/wp\/v2\/pages"}],"about":[{"href":"https:\/\/www.istud.it\/imprese\/wp-json\/wp\/v2\/types\/page"}],"author":[{"embeddable":true,"href":"https:\/\/www.istud.it\/imprese\/wp-json\/wp\/v2\/users\/43"}],"replies":[{"embeddable":true,"href":"https:\/\/www.istud.it\/imprese\/wp-json\/wp\/v2\/comments?post=1837"}],"version-history":[{"count":24,"href":"https:\/\/www.istud.it\/imprese\/wp-json\/wp\/v2\/pages\/1837\/revisions"}],"predecessor-version":[{"id":10681,"href":"https:\/\/www.istud.it\/imprese\/wp-json\/wp\/v2\/pages\/1837\/revisions\/10681"}],"up":[{"embeddable":true,"href":"https:\/\/www.istud.it\/imprese\/wp-json\/wp\/v2\/pages\/1497"}],"wp:featuredmedia":[{"embeddable":true,"href":"https:\/\/www.istud.it\/imprese\/wp-json\/wp\/v2\/media\/10680"}],"wp:attachment":[{"href":"https:\/\/www.istud.it\/imprese\/wp-json\/wp\/v2\/media?parent=1837"}],"wp:term":[{"taxonomy":"category","embeddable":true,"href":"https:\/\/www.istud.it\/imprese\/wp-json\/wp\/v2\/categories?post=1837"}],"curies":[{"name":"wp","href":"https:\/\/api.w.org\/{rel}","templated":true}]}}